{"id":103,"date":"2023-12-10T19:43:22","date_gmt":"2023-12-10T19:43:22","guid":{"rendered":"https:\/\/dhmhukuk.com\/?page_id=103"},"modified":"2023-12-14T13:17:19","modified_gmt":"2023-12-14T13:17:19","slug":"hakkimizda","status":"publish","type":"page","link":"https:\/\/dhmhukuk.com\/?page_id=103","title":{"rendered":"\u00c7al\u0131\u015fma Alanlar\u0131m\u0131z"},"content":{"rendered":"\n<div class=\"wp-block-group alignfull has-no-underline is-layout-constrained wp-container-core-group-layout-51 wp-block-group-is-layout-constrained\" style=\"margin-top:0;margin-bottom:0;padding-top:0;padding-right:0;padding-bottom:0;padding-left:0\">\n<div class=\"wp-block-group alignfull is-layout-constrained wp-block-group-is-layout-constrained\" style=\"padding-top:var(--wp--preset--spacing--30);padding-right:var(--wp--preset--spacing--30);padding-bottom:var(--wp--preset--spacing--30);padding-left:var(--wp--preset--spacing--30)\">\n<div class=\"wp-block-group alignfull is-layout-constrained wp-block-group-is-layout-constrained\" style=\"padding-top:var(--wp--preset--spacing--30);padding-right:var(--wp--preset--spacing--30);padding-bottom:var(--wp--preset--spacing--30);padding-left:var(--wp--preset--spacing--30)\">\n<div class=\"wp-block-group alignfull is-content-justification-space-between is-layout-flex wp-container-core-group-layout-2 wp-block-group-is-layout-flex\">\n<div class=\"wp-block-group is-layout-flex wp-container-core-group-layout-1 wp-block-group-is-layout-flex\"><div class=\"wp-block-site-logo\"><a href=\"https:\/\/dhmhukuk.com\/\" class=\"custom-logo-link\" rel=\"home\"><img loading=\"lazy\" decoding=\"async\" width=\"250\" height=\"133\" src=\"https:\/\/dhmhukuk.com\/wp-content\/uploads\/2023\/12\/KCK-LG.png\" class=\"custom-logo\" alt=\"Hukuk ve arabuluculuk\" srcset=\"https:\/\/dhmhukuk.com\/wp-content\/uploads\/2023\/12\/KCK-LG.png 450w, https:\/\/dhmhukuk.com\/wp-content\/uploads\/2023\/12\/KCK-LG-300x160.png 300w\" sizes=\"(max-width: 250px) 100vw, 250px\" \/><\/a><\/div><\/div>\n\n\n<nav class=\"is-responsive items-justified-right wp-block-navigation is-content-justification-right is-layout-flex wp-container-core-navigation-layout-1 wp-block-navigation-is-layout-flex\" aria-label=\"Dola\u015f\u0131m\" \n\t\t\tdata-wp-interactive\n\t\t\tdata-wp-context='{\"core\":{\"navigation\":{\"overlayOpenedBy\":[],\"type\":\"overlay\",\"roleAttribute\":\"\",\"ariaLabel\":\"Men\\u00fc\"}}}'\n\t\t><button aria-haspopup=\"true\" aria-label=\"Men\u00fcy\u00fc a\u00e7\" class=\"wp-block-navigation__responsive-container-open \" \n\t\t\tdata-wp-on--click=\"actions.core.navigation.openMenuOnClick\"\n\t\t\tdata-wp-on--keydown=\"actions.core.navigation.handleMenuKeydown\"\n\t\t><svg width=\"24\" height=\"24\" xmlns=\"http:\/\/www.w3.org\/2000\/svg\" viewBox=\"0 0 24 24\" aria-hidden=\"true\" focusable=\"false\"><rect x=\"4\" y=\"7.5\" width=\"16\" height=\"1.5\" \/><rect x=\"4\" y=\"15\" width=\"16\" height=\"1.5\" \/><\/svg><\/button>\n\t\t\t<div class=\"wp-block-navigation__responsive-container  \" style=\"\" id=\"modal-1\" \n\t\t\tdata-wp-class--has-modal-open=\"selectors.core.navigation.isMenuOpen\"\n\t\t\tdata-wp-class--is-menu-open=\"selectors.core.navigation.isMenuOpen\"\n\t\t\tdata-wp-effect=\"effects.core.navigation.initMenu\"\n\t\t\tdata-wp-on--keydown=\"actions.core.navigation.handleMenuKeydown\"\n\t\t\tdata-wp-on--focusout=\"actions.core.navigation.handleMenuFocusout\"\n\t\t\ttabindex=\"-1\"\n\t\t>\n\t\t\t\t<div class=\"wp-block-navigation__responsive-close\" tabindex=\"-1\">\n\t\t\t\t\t<div class=\"wp-block-navigation__responsive-dialog\" \n\t\t\tdata-wp-bind--aria-modal=\"selectors.core.navigation.ariaModal\"\n\t\t\tdata-wp-bind--aria-label=\"selectors.core.navigation.ariaLabel\"\n\t\t\tdata-wp-bind--role=\"selectors.core.navigation.roleAttribute\"\n\t\t\tdata-wp-effect=\"effects.core.navigation.focusFirstElement\"\n\t\t>\n\t\t\t\t\t\t\t<button aria-label=\"Men\u00fcy\u00fc kapat\" class=\"wp-block-navigation__responsive-container-close\" \n\t\t\tdata-wp-on--click=\"actions.core.navigation.closeMenuOnClick\"\n\t\t><svg xmlns=\"http:\/\/www.w3.org\/2000\/svg\" viewBox=\"0 0 24 24\" width=\"24\" height=\"24\" aria-hidden=\"true\" focusable=\"false\"><path d=\"M13 11.8l6.1-6.3-1-1-6.1 6.2-6.1-6.2-1 1 6.1 6.3-6.5 6.7 1 1 6.5-6.6 6.5 6.6 1-1z\"><\/path><\/svg><\/button>\n\t\t\t\t\t\t<div class=\"wp-block-navigation__responsive-container-content\" id=\"modal-1-content\">\n\t\t\t\t\t\t\t<ul class=\"wp-block-navigation__container is-responsive items-justified-right wp-block-navigation\"><li class=\" wp-block-navigation-item wp-block-navigation-link\"><a class=\"wp-block-navigation-item__content\"  href=\"https:\/\/dhmhukuk.com\/?page_id=2\"><span class=\"wp-block-navigation-item__label\">Hakk\u0131m\u0131zda<\/span><\/a><\/li><li class=\" wp-block-navigation-item wp-block-navigation-link\"><a class=\"wp-block-navigation-item__content\"  href=\"https:\/\/dhmhukuk.com\/?page_id=103\"><span class=\"wp-block-navigation-item__label\">\u00c7al\u0131\u015fma Alanlar\u0131m\u0131z <\/span><\/a><\/li><\/ul>\n\t\t\t\t\t\t<\/div>\n\t\t\t\t\t<\/div>\n\t\t\t\t<\/div>\n\t\t\t<\/div><\/nav><\/div>\n<\/div>\n<\/div>\n\n\n\n<div class=\"wp-block-group alignfull has-background-secondary-background-color has-background is-layout-constrained wp-block-group-is-layout-constrained\" style=\"padding-top:0;padding-right:30px;padding-bottom:0;padding-left:30px\">\n<div class=\"wp-block-columns alignwide are-vertically-aligned-center is-layout-flex wp-container-core-columns-layout-1 wp-block-columns-is-layout-flex\" style=\"margin-top:0;margin-bottom:0;padding-top:0;padding-right:0;padding-bottom:0;padding-left:0\">\n<div class=\"wp-block-column is-vertically-aligned-center is-layout-flow wp-block-column-is-layout-flow\">\n<div class=\"wp-block-group alignwide is-layout-flow wp-container-core-group-layout-5 wp-block-group-is-layout-flow\" style=\"padding-top:55px;padding-right:0px;padding-bottom:55px;padding-left:0px\">\n<h3 class=\"wp-block-heading has-text-align-left has-foreground-color has-text-color\" style=\"line-height:1.5\"><mark style=\"background-color:rgba(0, 0, 0, 0)\" class=\"has-inline-color has-orange-color\">\u0130htiya\u00e7lar\u0131n\u0131z S\u0131n\u0131rs\u0131z Olabilir<\/mark><\/h3>\n\n\n\n<h2 class=\"wp-block-heading has-text-align-left has-foreground-color has-text-color has-extra-large-font-size\" style=\"margin-top:var(--wp--preset--spacing--50);margin-bottom:var(--wp--preset--spacing--60);font-style:normal;font-weight:700;line-height:1.3\">Hukukun Her Alan\u0131nda Hizmet&#8230;<\/h2>\n\n\n\n<p>S\u00fcrekli \u00e7e\u015fitlenen hizmet&nbsp;taleplerinin nitelikli \u015fekilde temini i\u00e7in \u00fclkemizdeki ve d\u00fcnyadaki hukuki ve ekonomik geli\u015fmeleri yak\u0131ndan takip ederek \u00e7al\u0131\u015fmalar\u0131m\u0131z ve becerilerimiz s\u00fcrekli olarak g\u00fcncellenir. <\/p>\n\n\n\n<div class=\"wp-block-buttons animated animated-fadeInUp is-content-justification-left is-layout-flex wp-container-core-buttons-layout-1 wp-block-buttons-is-layout-flex\" style=\"margin-top:40px;margin-bottom:0px\">\n<div class=\"wp-block-button is-style-fill\"><a class=\"wp-block-button__link has-text-align-left wp-element-button\" href=\"https:\/\/dhmhukuk.com\/?page_id=2\">Ekibimiz<\/a><\/div>\n\n\n\n<div class=\"wp-block-button is-style-outline\"><a class=\"wp-block-button__link has-secondary-color has-text-color has-text-align-center wp-element-button\" href=\"https:\/\/dhmhukuk.com\/?page_id=112\">Bize Ula\u015f\u0131n<\/a><\/div>\n<\/div>\n<\/div>\n<\/div>\n\n\n\n<div class=\"wp-block-column is-vertically-aligned-center is-layout-flow wp-block-column-is-layout-flow\" style=\"flex-basis:40%\">\n<figure class=\"wp-block-image aligncenter size-full is-resized\"><img loading=\"lazy\" decoding=\"async\" width=\"840\" height=\"586\" src=\"https:\/\/dhmhukuk.com\/wp-content\/uploads\/2023\/12\/sds.png\" alt=\"\" class=\"wp-image-215\" style=\"object-fit:cover;width:1029px;height:auto\" srcset=\"https:\/\/dhmhukuk.com\/wp-content\/uploads\/2023\/12\/sds.png 840w, https:\/\/dhmhukuk.com\/wp-content\/uploads\/2023\/12\/sds-300x209.png 300w, https:\/\/dhmhukuk.com\/wp-content\/uploads\/2023\/12\/sds-768x536.png 768w\" sizes=\"(max-width: 840px) 100vw, 840px\" \/><\/figure>\n<\/div>\n<\/div>\n<\/div>\n\n\n\n<div class=\"wp-block-group alignfull is-layout-constrained wp-block-group-is-layout-constrained\" style=\"border-style:none;border-width:0px;padding-top:100px;padding-right:30px;padding-bottom:100px;padding-left:30px\">\n<div class=\"wp-block-group is-layout-flow wp-container-core-group-layout-8 wp-block-group-is-layout-flow\">\n<p class=\"has-text-align-center has-primary-color has-text-color\">H\u0130ZMETLER\u0130M\u0130Z<\/p>\n\n\n\n<h2 class=\"wp-block-heading has-text-align-center has-main-title-font-size\">NELER YAPIYORUZ?<\/h2>\n\n\n\n<div class=\"wp-block-group is-layout-constrained wp-block-group-is-layout-constrained\" style=\"padding-top:15px;padding-right:15px;padding-bottom:15px;padding-left:15px\">\n<hr class=\"wp-block-separator has-text-color has-primary-color has-alpha-channel-opacity has-primary-background-color has-background\"\/>\n<\/div>\n<\/div>\n\n\n\n<div class=\"wp-block-group alignwide is-layout-constrained wp-container-core-group-layout-18 wp-block-group-is-layout-constrained\">\n<div class=\"wp-block-columns alignwide is-layout-flex wp-container-core-columns-layout-2 wp-block-columns-is-layout-flex\">\n<div class=\"wp-block-column is-vertically-aligned-center is-layout-flow wp-block-column-is-layout-flow\">\n<div class=\"wp-block-group alignwide has-style-box-shadow has-background-background-color has-background is-layout-constrained wp-container-core-group-layout-11 wp-block-group-is-layout-constrained\" style=\"padding-top:30px;padding-right:30px;padding-bottom:30px;padding-left:30px\">\n<div class=\"wp-block-group alignwide is-layout-flow wp-block-group-is-layout-flow\" style=\"padding-bottom:15px\">\n<figure class=\"wp-block-image aligncenter size-full is-resized wp-duotone-unset-2\"><img loading=\"lazy\" decoding=\"async\" width=\"93\" height=\"85\" src=\"https:\/\/dhmhukuk.com\/wp-content\/uploads\/2023\/12\/danisman-1.png\" alt=\"\" class=\"wp-image-173\" style=\"aspect-ratio:1;width:94px;height:auto\"\/><\/figure>\n<\/div>\n\n\n\n<div class=\"wp-block-group is-layout-flow wp-container-core-group-layout-10 wp-block-group-is-layout-flow\">\n<h3 class=\"wp-block-heading has-text-align-center\" style=\"margin-top:0px;margin-right:10px;margin-bottom:10px;font-style:normal;font-weight:500\"><mark style=\"background-color:rgba(0, 0, 0, 0)\" class=\"has-inline-color has-orange-color\">HUKUK\u0130 DANI\u015eMANLIK<\/mark><\/h3>\n\n\n\n<p class=\"has-text-align-center has-light-color has-text-color\">ki\u015fi veya kurumlara hukuki konularda bilgi ve rehberlik sa\u011flayarak  hukuki sorunlarda anla\u015f\u0131labilirlik sa\u011fl\u0131yoruz<\/p>\n<\/div>\n<\/div>\n<\/div>\n\n\n\n<div class=\"wp-block-column is-vertically-aligned-center is-layout-flow wp-block-column-is-layout-flow\">\n<div class=\"wp-block-group alignwide has-style-box-shadow has-background-background-color has-background is-layout-constrained wp-container-core-group-layout-14 wp-block-group-is-layout-constrained\" style=\"padding-top:30px;padding-right:30px;padding-bottom:30px;padding-left:30px\">\n<div class=\"wp-block-group alignwide is-layout-flow wp-block-group-is-layout-flow\" style=\"padding-bottom:15px\">\n<figure class=\"wp-block-image aligncenter size-full is-resized wp-duotone-unset-3\"><img loading=\"lazy\" decoding=\"async\" width=\"820\" height=\"650\" src=\"https:\/\/dhmhukuk.com\/wp-content\/uploads\/2023\/12\/idare-icon-1.png\" alt=\"\" class=\"wp-image-178\" style=\"aspect-ratio:1;width:108px;height:auto\" srcset=\"https:\/\/dhmhukuk.com\/wp-content\/uploads\/2023\/12\/idare-icon-1.png 820w, https:\/\/dhmhukuk.com\/wp-content\/uploads\/2023\/12\/idare-icon-1-300x238.png 300w, https:\/\/dhmhukuk.com\/wp-content\/uploads\/2023\/12\/idare-icon-1-768x609.png 768w\" sizes=\"(max-width: 820px) 100vw, 820px\" \/><\/figure>\n<\/div>\n\n\n\n<div class=\"wp-block-group is-layout-flow wp-container-core-group-layout-13 wp-block-group-is-layout-flow\">\n<h4 class=\"wp-block-heading has-text-align-center\" style=\"margin-top:0px;margin-right:10px;margin-bottom:10px;font-style:normal;font-weight:500\"><mark style=\"background-color:rgba(0, 0, 0, 0)\" class=\"has-inline-color has-orange-color\">HUKUK\u0130 S\u00dcRE\u00c7 Y\u00d6NET\u0130LMES\u0130 <\/mark><\/h4>\n\n\n\n<p class=\"has-text-align-center has-light-color has-text-color\">Yol haritan\u0131z\u0131 belirleyip, \u00e7\u00f6z\u00fcm stratejinizi yasal mecralara ta\u015f\u0131yarak gerekli temsiliyeti sa\u011fl\u0131yoruz <\/p>\n<\/div>\n<\/div>\n<\/div>\n\n\n\n<div class=\"wp-block-column is-vertically-aligned-center is-layout-flow wp-block-column-is-layout-flow\">\n<div class=\"wp-block-group alignwide has-style-box-shadow has-background-background-color has-background is-layout-constrained wp-container-core-group-layout-17 wp-block-group-is-layout-constrained\" style=\"padding-top:30px;padding-right:30px;padding-bottom:30px;padding-left:30px\">\n<div class=\"wp-block-group alignwide is-layout-flow wp-block-group-is-layout-flow\" style=\"padding-bottom:15px\">\n<figure class=\"wp-block-image aligncenter size-full is-resized wp-duotone-unset-4\"><img loading=\"lazy\" decoding=\"async\" width=\"113\" height=\"102\" src=\"https:\/\/dhmhukuk.com\/wp-content\/uploads\/2023\/12\/COZUM.png\" alt=\"\" class=\"wp-image-175\" style=\"aspect-ratio:1;width:114px;height:auto\"\/><\/figure>\n<\/div>\n\n\n\n<div class=\"wp-block-group is-layout-flow wp-container-core-group-layout-16 wp-block-group-is-layout-flow\">\n<h3 class=\"wp-block-heading has-text-align-center\" style=\"margin-top:0px;margin-right:10px;margin-bottom:10px;font-style:normal;font-weight:500\"><mark style=\"background-color:rgba(0, 0, 0, 0)\" class=\"has-inline-color has-orange-color\">HUKUK\u0130 \u00c7\u00d6Z\u00dcMLER<\/mark><\/h3>\n\n\n\n<p class=\"has-text-align-center has-light-color has-text-color\">Arabuluculuk veya mahkeme s\u00fcre\u00e7leri arac\u0131l\u0131\u011f\u0131yla, \u00e7\u00f6z\u00fcm yolunu temsiliyetimizle ba\u015far\u0131ya ula\u015ft\u0131r\u0131yoruz.<\/p>\n<\/div>\n<\/div>\n<\/div>\n<\/div>\n<\/div>\n<\/div>\n\n\n\n<div class=\"wp-block-group alignfull has-background-secondary-background-color has-background is-layout-constrained wp-block-group-is-layout-constrained\" style=\"padding-top:100px;padding-right:30px;padding-bottom:100px;padding-left:30px\">\n<div class=\"wp-block-columns alignwide are-vertically-aligned-center is-layout-flex wp-container-core-columns-layout-3 wp-block-columns-is-layout-flex\">\n<div class=\"wp-block-column is-vertically-aligned-center is-layout-flow wp-block-column-is-layout-flow\" style=\"padding-top:0;padding-right:0;padding-bottom:0;padding-left:0\">\n<div class=\"wp-block-group is-layout-flow wp-block-group-is-layout-flow\" style=\"padding-top:0rem;padding-right:var(--wp--preset--spacing--20);padding-bottom:0rem;padding-left:var(--wp--preset--spacing--20)\">\n<h2 class=\"wp-block-heading has-large-font-size\"><mark style=\"background-color:rgba(0, 0, 0, 0)\" class=\"has-inline-color has-orange-color\">Ticaret ve \u015eirketler Hukuku<\/mark><\/h2>\n\n\n\n<p>Ticaret hukuku, i\u015f d\u00fcnyas\u0131n\u0131n d\u00fczenlenmesi ve ticaret faaliyetlerinin yasal \u00e7er\u00e7evesini belirleyen bir hukuk dal\u0131d\u0131r. Bu hukuki disiplin, i\u015fletmeler aras\u0131ndaki ili\u015fkileri d\u00fczenleyen temel prensipleri i\u00e7erir. Ticaret hukuku, ticari s\u00f6zle\u015fmelerin olu\u015fturulmas\u0131, taraflar aras\u0131ndaki anla\u015fmazl\u0131klar\u0131n \u00e7\u00f6z\u00fcm\u00fc, rekabet kurallar\u0131, t\u00fcketicinin korunmas\u0131, \u015firket birle\u015fmeleri ve sat\u0131n almalar\u0131 gibi konularda rehberlik sa\u011flar.<\/p>\n\n\n\n<p>Bir i\u015fletme ticaret hukukunu takip etmek zorunda kalarak faaliyet g\u00f6sterirken, bu hukuk dal\u0131, taraflar aras\u0131nda adil ve dengeli ili\u015fkilerin s\u00fcrd\u00fcr\u00fclmesini sa\u011flamak amac\u0131yla hukuki bir \u00e7er\u00e7eve olu\u015fturur. Ticaret hukuku, \u015firketlerin yasal y\u00fck\u00fcml\u00fcl\u00fcklerini anlamalar\u0131na, s\u00f6zle\u015fmelerin hukuki olarak uygun olmas\u0131n\u0131 sa\u011flamalar\u0131na ve i\u015f faaliyetlerini y\u00fcr\u00fct\u00fcrken kar\u015f\u0131la\u015f\u0131labilecek hukuki sorunlara etkili bir \u015fekilde m\u00fccadele etmelerine yard\u0131mc\u0131 olur.<\/p>\n\n\n\n<p>Rekabetin te\u015fvik edilmesi, t\u00fcketicinin g\u00fcvenli\u011fi ve haks\u0131z ticari uygulamalara kar\u015f\u0131 koruma sa\u011flama gibi ama\u00e7larla ticaret hukuku, i\u015f d\u00fcnyas\u0131n\u0131n g\u00fcvenilirli\u011fini art\u0131r\u0131r. Ayn\u0131 zamanda, i\u015fletmelerin etik standartlara uymalar\u0131n\u0131 te\u015fvik eder ve ticari ili\u015fkilerin adil ve d\u00fcr\u00fcst bir \u015fekilde y\u00fcr\u00fct\u00fclmesini ama\u00e7lar. \u0130\u015f d\u00fcnyas\u0131n\u0131n h\u0131zla de\u011fi\u015fen dinamiklerine uyum sa\u011flamak ve hukuki konularda g\u00fcvende olmak isteyen i\u015fletmeler, ticaret hukuku alan\u0131nda uzmanla\u015fm\u0131\u015f hukuk profesyonellerinden destek alabilir<\/p>\n<\/div>\n<\/div>\n<\/div>\n<\/div>\n\n\n\n<div class=\"wp-block-group alignfull has-background-secondary-background-color has-background is-layout-constrained wp-block-group-is-layout-constrained\" style=\"padding-top:100px;padding-right:30px;padding-bottom:100px;padding-left:30px\">\n<div class=\"wp-block-columns alignwide are-vertically-aligned-center is-layout-flex wp-container-core-columns-layout-4 wp-block-columns-is-layout-flex\">\n<div class=\"wp-block-column is-vertically-aligned-center is-layout-flow wp-block-column-is-layout-flow\" style=\"padding-top:0;padding-right:0;padding-bottom:0;padding-left:0\">\n<div class=\"wp-block-group is-layout-flow wp-block-group-is-layout-flow\" style=\"padding-top:0rem;padding-right:var(--wp--preset--spacing--20);padding-bottom:0rem;padding-left:var(--wp--preset--spacing--20)\">\n<h2 class=\"wp-block-heading has-large-font-size\"><mark style=\"background-color:rgba(0, 0, 0, 0)\" class=\"has-inline-color has-orange-color\">\u0130dare hukuku<\/mark><\/h2>\n\n\n\n<p>\u0130dare hukuku, devletin y\u00fcr\u00fctme organlar\u0131n\u0131n faaliyetlerini d\u00fczenleyen ve denetleyen hukuk dal\u0131d\u0131r. Bu hukuki disiplin, bireylerin ve i\u015fletmelerin kamusal kurumlarla ili\u015fkilerini y\u00f6netir, idarenin eylemlerini denetler ve hukuki g\u00fcvenceler sa\u011flar. \u0130dare hukuku, devletin g\u00fcc\u00fcn\u00fc kullan\u0131rken adil, \u015feffaf ve hesap verebilir olmas\u0131n\u0131 ama\u00e7lar.<\/p>\n\n\n\n<p>Devletin idari eylemlerini d\u00fczenleyen idare hukuku, genellikle idari i\u015flemler, idari s\u00f6zle\u015fmeler, idari yarg\u0131 ve idari davalar\u0131 kapsar. Bu hukuki disiplin, bireylerin kamu hizmetlerinden adil bir \u015fekilde yararlanmalar\u0131n\u0131 sa\u011flamak, keyfi idari kararlara kar\u015f\u0131 koruma sa\u011flamak ve devletin yetkilerini s\u0131n\u0131rlamak amac\u0131yla olu\u015fturulmu\u015ftur.<\/p>\n\n\n\n<p>\u0130dare hukuku, devlet organlar\u0131n\u0131n hukuka uygunlu\u011funu denetleyen bir denge unsuru olarak i\u015flev g\u00f6r\u00fcr. Y\u00fcr\u00fctme organlar\u0131n\u0131n yetkilerini kullan\u0131rken hukuka ayk\u0131r\u0131 davran\u0131\u015flar\u0131 \u00f6nlemek, vatanda\u015flar\u0131n haklar\u0131n\u0131 korumak ve adaleti sa\u011flamak bu hukuki disiplinin \u00f6nemli ama\u00e7lar\u0131 aras\u0131ndad\u0131r.<\/p>\n\n\n\n<p>\u0130dare hukuku ayn\u0131 zamanda idari davalar\u0131n \u00e7\u00f6z\u00fcm\u00fcne ili\u015fkin s\u00fcre\u00e7leri de kapsar. Vatanda\u015flar, idari eylemlere kar\u015f\u0131 yarg\u0131 yoluna ba\u015fvurabilir ve idari mahkemeler arac\u0131l\u0131\u011f\u0131yla haklar\u0131n\u0131 savunabilirler. Bu sayede, devletin eylemleri \u00fczerinde etkili bir denetim sa\u011flan\u0131r ve hukuki g\u00fcvencelerin korunmas\u0131 ama\u00e7lan\u0131r.<\/p>\n\n\n\n<p>Sonu\u00e7 olarak, idare hukuku, devletin idari faaliyetlerini d\u00fczenleyen, denetleyen ve bireylerin haklar\u0131n\u0131 koruyan \u00f6nemli bir hukuk dal\u0131d\u0131r. Bu disiplin, devletin yetkilerini s\u0131n\u0131rlayarak, vatanda\u015flar\u0131 g\u00fcvence alt\u0131na alarak ve hukuka uygunlu\u011fu sa\u011flayarak adil bir toplum olu\u015fturmay\u0131 hedefler<\/p>\n<\/div>\n<\/div>\n<\/div>\n<\/div>\n\n\n\n<div class=\"wp-block-group alignfull has-background-secondary-background-color has-background is-layout-constrained wp-block-group-is-layout-constrained\" style=\"padding-top:100px;padding-right:30px;padding-bottom:100px;padding-left:30px\">\n<div class=\"wp-block-columns alignwide are-vertically-aligned-center is-layout-flex wp-container-core-columns-layout-5 wp-block-columns-is-layout-flex\">\n<div class=\"wp-block-column is-vertically-aligned-center is-layout-flow wp-block-column-is-layout-flow\" style=\"padding-top:0;padding-right:0;padding-bottom:0;padding-left:0\">\n<div class=\"wp-block-group is-layout-flow wp-block-group-is-layout-flow\" style=\"padding-top:0rem;padding-right:var(--wp--preset--spacing--20);padding-bottom:0rem;padding-left:var(--wp--preset--spacing--20)\">\n<h2 class=\"wp-block-heading has-large-font-size\"><mark style=\"background-color:rgba(0, 0, 0, 0)\" class=\"has-inline-color has-orange-color\">Aile ve Ki\u015filer Hukuku<\/mark><\/h2>\n\n\n\n<p>Aile ve ki\u015filer hukuku, bireylerin aile kurumuna ili\u015fkin hukuki ili\u015fkileri d\u00fczenleyen \u00f6nemli bir hukuk dal\u0131d\u0131r. Bu hukuki disiplin, evlilik, bo\u015fanma, miras, velayet, nafaka gibi konular\u0131 i\u00e7erir ve bireylerin aile ya\u015famlar\u0131n\u0131 d\u00fczenler.<\/p>\n\n\n\n<p>Evlenme ve bo\u015fanma s\u00fcre\u00e7leri, aile ve ki\u015filer hukukunun temel ta\u015flar\u0131ndan biridir. Evlilik, \u00e7e\u015fitli hukuki haklar ve sorumluluklar\u0131 i\u00e7erirken, bo\u015fanma s\u00fcreci ise evlilik birli\u011finin sonlanmas\u0131n\u0131 d\u00fczenler. Bo\u015fanma durumunda mal payla\u015f\u0131m\u0131, nafaka ve \u00e7ocuklar\u0131n velayeti gibi konular, hukuki d\u00fczenlemelere tabi tutulur.<\/p>\n\n\n\n<p>Mirasta, aile bireyleri aras\u0131ndaki malvarl\u0131\u011f\u0131 devri d\u00fczenlenir. Miras hukuku, bir ki\u015finin vefat etmesi durumunda mal varl\u0131\u011f\u0131n\u0131n nas\u0131l payla\u015f\u0131laca\u011f\u0131n\u0131 belirler ve miras\u00e7\u0131lar\u0131n haklar\u0131n\u0131 korur. Bu, \u00f6l\u00fcme ili\u015fkin hukuki d\u00fczenlemeleri i\u00e7erir.<\/p>\n\n\n\n<p>Aile ve ki\u015filer hukuku ayn\u0131 zamanda velayet, evlat edinme, soy ba\u011f\u0131 tespiti gibi konular\u0131 da i\u00e7erir. Velayet, \u00e7ocuklar\u0131n bak\u0131m ve e\u011fitiminden sorumlu olan ebeveynin belirlenmesini sa\u011flar. Evlat edinme, bir \u00e7ocu\u011fun biyolojik ailesinden al\u0131n\u0131p ba\u015fka bir aile taraf\u0131ndan sahiplenilmesini d\u00fczenler. Soy ba\u011f\u0131 tespiti ise biyolojik aile ba\u011flar\u0131n\u0131 saptamay\u0131 ama\u00e7lar.<\/p>\n\n\n\n<p>Nafaka, bir ki\u015finin maddi ihtiya\u00e7lar\u0131n\u0131n kar\u015f\u0131lanmas\u0131 amac\u0131yla di\u011fer bir ki\u015fiden talep edilen d\u00fczenli \u00f6demeleri i\u00e7erir. Bu, genellikle bo\u015fanma durumlar\u0131nda veya maddi g\u00fc\u00e7l\u00fck i\u00e7inde olan e\u015f veya \u00e7ocuklar i\u00e7in talep edilir.<\/p>\n\n\n\n<p>Sonu\u00e7 olarak, aile ve ki\u015filer hukuku, bireylerin aile hayatlar\u0131n\u0131 d\u00fczenleyen ve hukuki koruma sa\u011flayan \u00f6nemli bir hukuk dal\u0131d\u0131r. Bu disiplin, aile ili\u015fkilerini ve bireyler aras\u0131ndaki haklar\u0131 koruyarak adil ve dengeli bir toplumsal d\u00fczenin olu\u015fturulmas\u0131na katk\u0131da bulunur.<\/p>\n<\/div>\n<\/div>\n<\/div>\n<\/div>\n\n\n\n<div class=\"wp-block-group alignfull has-background-secondary-background-color has-background is-layout-constrained wp-block-group-is-layout-constrained\" style=\"padding-top:100px;padding-right:30px;padding-bottom:100px;padding-left:30px\">\n<div class=\"wp-block-columns alignwide are-vertically-aligned-center is-layout-flex wp-container-core-columns-layout-6 wp-block-columns-is-layout-flex\">\n<div class=\"wp-block-column is-vertically-aligned-center is-layout-flow wp-block-column-is-layout-flow\" style=\"padding-top:0;padding-right:0;padding-bottom:0;padding-left:0\">\n<div class=\"wp-block-group is-layout-flow wp-block-group-is-layout-flow\" style=\"padding-top:0rem;padding-right:var(--wp--preset--spacing--20);padding-bottom:0rem;padding-left:var(--wp--preset--spacing--20)\">\n<h2 class=\"wp-block-heading has-large-font-size\"><mark style=\"background-color:rgba(0, 0, 0, 0)\" class=\"has-inline-color has-orange-color\">\u0130cra \u0130flas Hukuku<\/mark><\/h2>\n\n\n\n<p>\u0130cra ve iflas hukuku, alacakl\u0131 ve bor\u00e7lu taraflar aras\u0131ndaki mali ili\u015fkileri d\u00fczenleyen, alacakl\u0131n\u0131n hakk\u0131n\u0131 koruyan ve bor\u00e7lunun mali durumunu d\u00fczenleyen bir hukuk dal\u0131d\u0131r. Bu hukuki disiplin, alacakl\u0131n\u0131n tahsilat\u0131n\u0131 sa\u011flamak ve bor\u00e7lu taraf\u0131n finansal durumunu yeniden yap\u0131land\u0131rmak amac\u0131yla uygulanan hukuki mekanizmalar\u0131 i\u00e7erir.<\/p>\n\n\n\n<p>\u0130cra hukuku, mahkeme karar\u0131yla tesis edilen bir alaca\u011f\u0131n, bor\u00e7lu taraf\u0131n mal varl\u0131\u011f\u0131 \u00fczerinden tahsil edilmesini d\u00fczenler. \u0130cra m\u00fcd\u00fcrl\u00fckleri arac\u0131l\u0131\u011f\u0131yla ger\u00e7ekle\u015ftirilen bu s\u00fcre\u00e7, alacakl\u0131n\u0131n haklar\u0131n\u0131 koruma amac\u0131n\u0131 ta\u015f\u0131r. Alacakl\u0131n\u0131n icra ba\u015fvurusu sonucunda, mahkeme taraf\u0131ndan tespit edilen alaca\u011f\u0131n tahsili i\u00e7in bor\u00e7lu taraf\u0131n mal varl\u0131\u011f\u0131na haciz konulabilir.<\/p>\n\n\n\n<p>\u0130flas hukuku ise bir bor\u00e7lunun \u00f6demelerini yapamayacak duruma geldi\u011fi durumlar\u0131 d\u00fczenler. \u0130flas, bor\u00e7lunun mali zorluk i\u00e7inde oldu\u011funu ve bor\u00e7lar\u0131n\u0131 \u00f6deyemeyece\u011fini beyan etti\u011fi bir durumu ifade eder. \u0130flas ba\u015fvurusu \u00fczerine mahkeme taraf\u0131ndan iflas karar\u0131 verilir ve bir iflas masas\u0131 olu\u015fturularak bor\u00e7lar\u0131n \u00f6denmesi s\u00fcreci y\u00f6netilir. Bu s\u00fcre\u00e7te, alacakl\u0131lar iflas masas\u0131 \u00fczerinden alacaklar\u0131n\u0131 tahsil etmeye \u00e7al\u0131\u015f\u0131rlar.<\/p>\n\n\n\n<p>\u0130cra ve iflas hukuku, ticari ili\u015fkilerde finansal riskleri minimize etmek, alacakl\u0131lar\u0131n haklar\u0131n\u0131 korumak ve bor\u00e7lulara adil bir mali yap\u0131lanma sa\u011flamak amac\u0131yla \u00f6nemli bir rol oynar. Bu hukuki disiplin, hem alacakl\u0131lar hem de bor\u00e7lular i\u00e7in adil bir denge sa\u011flayarak ekonomik d\u00fczenin sa\u011fl\u0131kl\u0131 i\u015flemesine katk\u0131da bulunur.<\/p>\n<\/div>\n<\/div>\n<\/div>\n<\/div>\n\n\n\n<div class=\"wp-block-group alignfull has-background-secondary-background-color has-background is-layout-constrained wp-block-group-is-layout-constrained\" style=\"padding-top:100px;padding-right:30px;padding-bottom:100px;padding-left:30px\">\n<div class=\"wp-block-columns alignwide are-vertically-aligned-center is-layout-flex wp-container-core-columns-layout-7 wp-block-columns-is-layout-flex\">\n<div class=\"wp-block-column is-vertically-aligned-center is-layout-flow wp-block-column-is-layout-flow\" style=\"padding-top:0;padding-right:0;padding-bottom:0;padding-left:0\">\n<div class=\"wp-block-group is-layout-flow wp-block-group-is-layout-flow\" style=\"padding-top:0rem;padding-right:var(--wp--preset--spacing--20);padding-bottom:0rem;padding-left:var(--wp--preset--spacing--20)\">\n<h2 class=\"wp-block-heading has-large-font-size\"><mark style=\"background-color:rgba(0, 0, 0, 0)\" class=\"has-inline-color has-orange-color\">\u0130\u015f ve Sosyal G\u00fcvenlik Hukuku<\/mark><\/h2>\n\n\n\n<p>\u0130\u015f ve sosyal g\u00fcvenlik hukuku, \u00e7al\u0131\u015fma ili\u015fkilerini d\u00fczenleyen ve \u00e7al\u0131\u015fanlar\u0131n haklar\u0131n\u0131, g\u00fcvenliklerini ve sosyal haklar\u0131n\u0131 koruyan \u00f6nemli bir hukuk dal\u0131d\u0131r. Bu hukuki disiplin, i\u015f\u00e7i-i\u015fveren ili\u015fkilerini d\u00fczenleyen normlar ve sosyal g\u00fcvenlik sistemini i\u00e7erir.<\/p>\n\n\n\n<p>\u0130\u015f hukuku, i\u015f\u00e7i ve i\u015fveren aras\u0131ndaki ili\u015fkileri belirler ve d\u00fczenler. \u0130\u015f s\u00f6zle\u015fmeleri, \u00e7al\u0131\u015fma s\u00fcreleri, \u00fccret ve di\u011fer mali haklar, i\u015f sa\u011fl\u0131\u011f\u0131 ve g\u00fcvenli\u011fi gibi konular\u0131 i\u00e7erir. \u0130\u015f hukuku, i\u015f\u00e7ilerin adil \u00e7al\u0131\u015fma ko\u015fullar\u0131na sahip olmalar\u0131n\u0131, haklar\u0131n\u0131 savunmalar\u0131n\u0131 ve i\u015fverenlerin de yasalara uygun davranmalar\u0131n\u0131 sa\u011flamak amac\u0131yla geli\u015ftirilmi\u015ftir.<\/p>\n\n\n\n<p>Sosyal g\u00fcvenlik hukuku ise bireylerin ya\u015fl\u0131l\u0131k, hastal\u0131k, i\u015f kazalar\u0131, do\u011fum ve i\u015fsizlik gibi risklere kar\u015f\u0131 korunmas\u0131n\u0131 ama\u00e7lar. Bu hukuki disiplin, devlet taraf\u0131ndan y\u00fcr\u00fct\u00fclen sosyal g\u00fcvenlik sistemini d\u00fczenler. Emeklilik, sa\u011fl\u0131k sigortas\u0131, i\u015f kazas\u0131 ve meslek hastal\u0131klar\u0131 gibi konular sosyal g\u00fcvenlik kapsam\u0131nda de\u011ferlendirilir. \u00c7al\u0131\u015fanlar sosyal g\u00fcvenlik primleri \u00f6deyerek, belirli risklere kar\u015f\u0131 g\u00fcvence alt\u0131na al\u0131n\u0131r ve bu sistem, sosyal dayan\u0131\u015fmay\u0131 te\u015fvik eder.<\/p>\n\n\n\n<p>\u0130\u015f ve sosyal g\u00fcvenlik hukuku, toplumun genel refah\u0131n\u0131 art\u0131rmak, i\u015f\u00e7ilerin haklar\u0131n\u0131 g\u00fcvence alt\u0131na almak, i\u015fverenlerin de adil ve s\u00fcrd\u00fcr\u00fclebilir \u00e7al\u0131\u015fma ko\u015fullar\u0131 olu\u015fturmalar\u0131n\u0131 sa\u011flamak amac\u0131yla \u00f6nemlidir. Bu hukuki disiplin, hem i\u015f d\u00fcnyas\u0131nda hem de \u00e7al\u0131\u015fanlar\u0131n g\u00fcnl\u00fck ya\u015famlar\u0131nda adil bir denge sa\u011flamay\u0131 hedefler. \u0130\u015f ve sosyal g\u00fcvenlik hukuku \u00e7er\u00e7evesinde olu\u015fturulan d\u00fczenlemeler, \u00e7al\u0131\u015fma hayat\u0131n\u0131n daha adil ve s\u00fcrd\u00fcr\u00fclebilir bir \u015fekilde y\u00f6netilmesine katk\u0131da bulunur.<\/p>\n<\/div>\n<\/div>\n<\/div>\n<\/div>\n\n\n\n<div class=\"wp-block-group alignfull has-background-secondary-background-color has-background is-layout-constrained wp-block-group-is-layout-constrained\" style=\"padding-top:100px;padding-right:30px;padding-bottom:100px;padding-left:30px\">\n<div class=\"wp-block-columns alignwide are-vertically-aligned-center is-layout-flex wp-container-core-columns-layout-8 wp-block-columns-is-layout-flex\">\n<div class=\"wp-block-column is-vertically-aligned-center is-layout-flow wp-block-column-is-layout-flow\" style=\"padding-top:0;padding-right:0;padding-bottom:0;padding-left:0\">\n<div class=\"wp-block-group is-layout-flow wp-block-group-is-layout-flow\" style=\"padding-top:0rem;padding-right:var(--wp--preset--spacing--20);padding-bottom:0rem;padding-left:var(--wp--preset--spacing--20)\">\n<h2 class=\"wp-block-heading has-large-font-size\"><mark style=\"background-color:rgba(0, 0, 0, 0)\" class=\"has-inline-color has-orange-color\">Ceza Hukuku<\/mark><\/h2>\n\n\n\n<p>Ceza hukuku, toplum d\u00fczenini koruma, su\u00e7 i\u015fleyenleri cezaland\u0131rma ve bireylerin g\u00fcvenli\u011fini sa\u011flama amac\u0131 g\u00fcden bir hukuk dal\u0131d\u0131r. Bu hukuki disiplin, su\u00e7 ve ceza ili\u015fkilerini d\u00fczenleyen normlar\u0131 i\u00e7erir ve devletin, su\u00e7 i\u015fleyenlere kar\u015f\u0131 yapt\u0131r\u0131m uygulama yetkisini temsil eder.<\/p>\n\n\n\n<p>Ceza hukuku, su\u00e7 i\u015fleyenlerin sorumlulu\u011funu belirlerken, ayn\u0131 zamanda masumiyet karinesini g\u00f6zetir. Bu hukuki disiplin, su\u00e7lar\u0131n tan\u0131m\u0131n\u0131 yapar, cezalar\u0131 belirler ve mahkemeler arac\u0131l\u0131\u011f\u0131yla yarg\u0131lama s\u00fcrecini d\u00fczenler.<\/p>\n\n\n\n<p>Ceza hukuku, genellikle su\u00e7lar\u0131n iki temel unsuru olan fail ve su\u00e7 unsurunu i\u00e7erir. Su\u00e7lu olan ki\u015finin, hukuka ayk\u0131r\u0131 bir davran\u0131\u015f i\u00e7inde bulunmas\u0131 ve bu davran\u0131\u015f\u0131n kanunlarca su\u00e7 olarak tan\u0131mlanm\u0131\u015f olmas\u0131 gerekmektedir. Ceza hukuku, su\u00e7lar\u0131n t\u00fcr\u00fcne g\u00f6re farkl\u0131 cezalar \u00f6ng\u00f6r\u00fcr; bu cezalar aras\u0131nda hapis cezas\u0131, para cezas\u0131, toplum hizmeti gibi \u00e7e\u015fitli yapt\u0131r\u0131mlar bulunur.<\/p>\n\n\n\n<p>Ceza hukuku ayn\u0131 zamanda su\u00e7un i\u015flenmesini \u00f6nlemeye y\u00f6nelik tedbirleri de i\u00e7erir. Bu kapsamda, ceza hukuku kurallar\u0131 su\u00e7 i\u015fleme te\u015febb\u00fcsleri, su\u00e7un i\u015flenmesini engelleme ve cezaevinde rehabilite edilme gibi konulara odaklan\u0131r.<\/p>\n\n\n\n<p>Ceza hukuku, toplum d\u00fczeni ve g\u00fcvenli\u011fini korumak ad\u0131na gerekli olan yapt\u0131r\u0131mlar\u0131 i\u00e7ermesi nedeniyle \u00f6nemlidir. Ancak ayn\u0131 zamanda, adil yarg\u0131lama, masumiyet karinesi ve insan haklar\u0131 gibi temel prensiplere sayg\u0131 g\u00f6stermeyi ama\u00e7lar. Bu hukuki disiplin, su\u00e7 i\u015fleme e\u011filiminde olan bireyleri cayd\u0131rmak ve adaleti sa\u011flamak amac\u0131yla toplumsal d\u00fczenin temel ta\u015flar\u0131ndan biridir.<\/p>\n<\/div>\n<\/div>\n<\/div>\n<\/div>\n\n\n\n<div class=\"wp-block-group alignfull has-background-secondary-background-color has-background is-layout-constrained wp-block-group-is-layout-constrained\" style=\"padding-top:100px;padding-right:30px;padding-bottom:100px;padding-left:30px\">\n<div class=\"wp-block-columns alignwide are-vertically-aligned-center is-layout-flex wp-container-core-columns-layout-9 wp-block-columns-is-layout-flex\">\n<div class=\"wp-block-column is-vertically-aligned-center is-layout-flow wp-block-column-is-layout-flow\" style=\"padding-top:0;padding-right:0;padding-bottom:0;padding-left:0\">\n<div class=\"wp-block-group is-layout-flow wp-block-group-is-layout-flow\" style=\"padding-top:0rem;padding-right:var(--wp--preset--spacing--20);padding-bottom:0rem;padding-left:var(--wp--preset--spacing--20)\">\n<h2 class=\"wp-block-heading has-large-font-size\"><mark style=\"background-color:rgba(0, 0, 0, 0)\" class=\"has-inline-color has-orange-color\">Gayrimenkul Hukuku<\/mark><\/h2>\n\n\n\n<p>Gayrimenkul hukuku, ta\u015f\u0131nmaz mallar\u0131n m\u00fclkiyeti, kullan\u0131m\u0131, devri ve \u00fczerindeki haklar gibi konular\u0131 d\u00fczenleyen bir hukuk dal\u0131d\u0131r. Bu hukuki disiplin, gayrimenkul sahiplerinin ve m\u00fclkiyetle ilgili hak sahiplerinin haklar\u0131n\u0131 korur, ta\u015f\u0131nmaz mallar\u0131n al\u0131m-sat\u0131m i\u015flemlerini d\u00fczenler ve gayrimenkulle ilgili \u00e7e\u015fitli hukuki konular\u0131 kapsar.<\/p>\n\n\n\n<p>Gayrimenkul hukuku, m\u00fclkiyet haklar\u0131n\u0131n kayd\u0131, tapu sicili i\u015flemleri, ipotek ve rehin gibi y\u00fck\u00fcml\u00fcl\u00fckleri i\u00e7erir. Ta\u015f\u0131nmaz mallar\u0131n devri s\u0131ras\u0131nda d\u00fczenlenen sat\u0131\u015f s\u00f6zle\u015fmeleri ve bunlar\u0131n yerine getirilmemesi durumunda ortaya \u00e7\u0131kabilecek hukuki sorumluluklar da bu disiplin i\u00e7inde ele al\u0131n\u0131r.<\/p>\n\n\n\n<p>Ayr\u0131ca, gayrimenkul hukuku, kom\u015fuluk ili\u015fkilerini d\u00fczenler ve m\u00fclkiyet sahipleri aras\u0131ndaki anla\u015fmazl\u0131klar\u0131n \u00e7\u00f6z\u00fcm\u00fcne y\u00f6nelik h\u00fck\u00fcmler i\u00e7erir. Bu ba\u011flamda, ta\u015f\u0131nmaz m\u00fclklerin kullan\u0131m\u0131, tadilat\u0131, s\u0131n\u0131rlar\u0131 ve g\u00fcr\u00fclt\u00fc gibi konularda ortaya \u00e7\u0131kabilecek anla\u015fmazl\u0131klar\u0131 \u00e7\u00f6zmek amac\u0131yla gayrimenkul hukuku \u00e7er\u00e7evesinde hukuki mekanizmalar bulunur.<\/p>\n\n\n\n<p>Gayrimenkul hukuku, ayn\u0131 zamanda kira s\u00f6zle\u015fmelerini d\u00fczenler ve kirac\u0131 ile ev sahibi aras\u0131ndaki ili\u015fkileri belirler. Kirac\u0131n\u0131n haklar\u0131 ve sorumluluklar\u0131, kira bedelinin belirlenmesi, kira s\u00f6zle\u015fmesinin feshi gibi konular bu hukuk dal\u0131 kapsam\u0131nda ele al\u0131n\u0131r.<\/p>\n\n\n\n<p>Sonu\u00e7 olarak, gayrimenkul hukuku, ta\u015f\u0131nmaz mallar\u0131n sahipli\u011fi ve kullan\u0131m\u0131yla ilgili hukuki konular\u0131 d\u00fczenleyen, m\u00fclkiyet haklar\u0131n\u0131 koruyan ve gayrimenkul ile ilgili \u00e7e\u015fitli anla\u015fmazl\u0131klar\u0131n \u00e7\u00f6z\u00fcm\u00fcne yard\u0131mc\u0131 olan \u00f6nemli bir hukuk dal\u0131d\u0131r. Bu disiplin, hem bireylerin hem de i\u015fletmelerin gayrimenkul varl\u0131klar\u0131yla ilgili hukuki s\u00fcre\u00e7leri anlamalar\u0131na ve y\u00f6netmelerine yard\u0131mc\u0131 olur.<\/p>\n<\/div>\n<\/div>\n<\/div>\n<\/div>\n\n\n\n<div class=\"wp-block-group alignfull has-background-secondary-background-color has-background is-layout-constrained wp-block-group-is-layout-constrained\" style=\"padding-top:100px;padding-right:30px;padding-bottom:100px;padding-left:30px\">\n<div class=\"wp-block-columns alignwide are-vertically-aligned-center is-layout-flex wp-container-core-columns-layout-10 wp-block-columns-is-layout-flex\">\n<div class=\"wp-block-column is-vertically-aligned-center is-layout-flow wp-block-column-is-layout-flow\" style=\"padding-top:0;padding-right:0;padding-bottom:0;padding-left:0\">\n<div class=\"wp-block-group is-layout-flow wp-block-group-is-layout-flow\" style=\"padding-top:0rem;padding-right:var(--wp--preset--spacing--20);padding-bottom:0rem;padding-left:var(--wp--preset--spacing--20)\">\n<h2 class=\"wp-block-heading has-large-font-size\"><mark style=\"background-color:rgba(0, 0, 0, 0)\" class=\"has-inline-color has-orange-color\">Uyu\u015fmazl\u0131klar\u0131n Arabuluculuk veya Tahkimle \u00c7\u00f6z\u00fcm\u00fc<\/mark><\/h2>\n\n\n\n<p>Uyu\u015fmazl\u0131klar\u0131n \u00e7\u00f6z\u00fcm\u00fcnde arabuluculuk ve tahkim, hukuki s\u00fcre\u00e7lerin d\u0131\u015f\u0131nda daha h\u0131zl\u0131, esnek ve alternatif yollar sunan etkili y\u00f6ntemlerdir. Arabuluculuk, taraflar aras\u0131ndaki anla\u015fmazl\u0131\u011f\u0131 \u00e7\u00f6zmek amac\u0131yla tarafs\u0131z bir \u00fc\u00e7\u00fcnc\u00fc ki\u015finin yard\u0131m\u0131yla g\u00f6n\u00fcll\u00fc bir \u015fekilde ger\u00e7ekle\u015fen bir m\u00fczakeredir. Tahkim ise anla\u015fmazl\u0131\u011f\u0131n tarafs\u0131z bir hakem taraf\u0131ndan \u00e7\u00f6z\u00fclmesini sa\u011flayan, daha formal bir alternatif yarg\u0131 s\u00fcrecidir.<\/p>\n\n\n\n<p>Arabuluculuk, taraflara daha etkile\u015fimli ve kat\u0131l\u0131mc\u0131 bir s\u00fcre\u00e7 sunar. Taraflar, kendi \u00e7\u00f6z\u00fcm \u00f6nerilerini getirir ve anla\u015fmaya varmak i\u00e7in bir araya gelir. Bu s\u00fcre\u00e7, mahkeme s\u00fcrecine g\u00f6re daha h\u0131zl\u0131 ve maliyet a\u00e7\u0131s\u0131ndan daha uygun olabilir. Taraflar, kendi \u00e7\u0131karlar\u0131n\u0131 daha fazla koruma \u015fans\u0131na sahip olurken, anla\u015fmaya varma s\u00fcrecinin sonucu genellikle daha s\u00fcrd\u00fcr\u00fclebilir olabilir.<\/p>\n\n\n\n<p>Tahkim ise daha formal bir yap\u0131ya sahiptir. Taraflar, anla\u015fmazl\u0131\u011f\u0131n bir veya daha fazla hakem taraf\u0131ndan \u00e7\u00f6z\u00fclmesini kabul ederler. Tahkim, \u00f6zellikle uluslararas\u0131 ticarette ve karma\u015f\u0131k konularda yayg\u0131n olarak kullan\u0131l\u0131r. Kararlar, taraflar\u0131n daha fazla gizlilik talep etti\u011fi, \u00f6zel ve \u00f6zel bir forumda al\u0131n\u0131r. Tahkimin mahkeme kararlar\u0131na g\u00f6re daha h\u0131zl\u0131 olma potansiyeli ve uluslararas\u0131 alanda daha tan\u0131nan ve uygulanan bir karar alabilme avantaj\u0131 vard\u0131r.<\/p>\n\n\n\n<p>Her iki y\u00f6ntem de taraflara, anla\u015fmazl\u0131klar\u0131n\u0131 daha az zaman, maliyet ve stresle \u00e7\u00f6zme imkan\u0131 tan\u0131r. Ancak, her durum i\u00e7in tek bir \u00e7\u00f6z\u00fcm y\u00f6ntemi olmad\u0131\u011f\u0131ndan, taraflar uyu\u015fmazl\u0131klar\u0131n\u0131 \u00e7\u00f6zmek i\u00e7in hangi y\u00f6ntemi se\u00e7eceklerine dair dikkatli bir de\u011ferlendirme yapmal\u0131d\u0131r. Uyu\u015fmazl\u0131k \u00e7\u00f6z\u00fcm\u00fc i\u00e7in arabuluculuk veya tahkim, taraflar\u0131n \u00f6zel ihtiya\u00e7lar\u0131na, uyu\u015fmazl\u0131\u011f\u0131n karma\u015f\u0131kl\u0131\u011f\u0131na ve hukuki duruma ba\u011fl\u0131 olarak se\u00e7ilebilecek etkili ve esnek y\u00f6ntemlerdir.<\/p>\n<\/div>\n<\/div>\n<\/div>\n<\/div>\n\n\n\n<div class=\"wp-block-group alignfull has-background-secondary-background-color has-background is-layout-constrained wp-block-group-is-layout-constrained\" style=\"padding-top:100px;padding-right:30px;padding-bottom:100px;padding-left:30px\">\n<div class=\"wp-block-columns alignwide are-vertically-aligned-center is-layout-flex wp-container-core-columns-layout-11 wp-block-columns-is-layout-flex\">\n<div class=\"wp-block-column is-vertically-aligned-center is-layout-flow wp-block-column-is-layout-flow\" style=\"padding-top:0;padding-right:0;padding-bottom:0;padding-left:0\">\n<div class=\"wp-block-group is-layout-flow wp-block-group-is-layout-flow\" style=\"padding-top:0rem;padding-right:var(--wp--preset--spacing--20);padding-bottom:0rem;padding-left:var(--wp--preset--spacing--20)\">\n<h2 class=\"wp-block-heading has-large-font-size\"><mark style=\"background-color:rgba(0, 0, 0, 0)\" class=\"has-inline-color has-orange-color\">Uyu\u015fmazl\u0131klar\u0131n Arabuluculuk veya Tahkimle \u00c7\u00f6z\u00fcm\u00fc<\/mark><\/h2>\n\n\n\n<p>Uyu\u015fmazl\u0131klar\u0131n \u00e7\u00f6z\u00fcm\u00fcnde arabuluculuk ve tahkim, hukuki s\u00fcre\u00e7lerin d\u0131\u015f\u0131nda daha h\u0131zl\u0131, esnek ve alternatif yollar sunan etkili y\u00f6ntemlerdir. Arabuluculuk, taraflar aras\u0131ndaki anla\u015fmazl\u0131\u011f\u0131 \u00e7\u00f6zmek amac\u0131yla tarafs\u0131z bir \u00fc\u00e7\u00fcnc\u00fc ki\u015finin yard\u0131m\u0131yla g\u00f6n\u00fcll\u00fc bir \u015fekilde ger\u00e7ekle\u015fen bir m\u00fczakeredir. Tahkim ise anla\u015fmazl\u0131\u011f\u0131n tarafs\u0131z bir hakem taraf\u0131ndan \u00e7\u00f6z\u00fclmesini sa\u011flayan, daha formal bir alternatif yarg\u0131 s\u00fcrecidir.<\/p>\n\n\n\n<p>Arabuluculuk, taraflara daha etkile\u015fimli ve kat\u0131l\u0131mc\u0131 bir s\u00fcre\u00e7 sunar. Taraflar, kendi \u00e7\u00f6z\u00fcm \u00f6nerilerini getirir ve anla\u015fmaya varmak i\u00e7in bir araya gelir. Bu s\u00fcre\u00e7, mahkeme s\u00fcrecine g\u00f6re daha h\u0131zl\u0131 ve maliyet a\u00e7\u0131s\u0131ndan daha uygun olabilir. Taraflar, kendi \u00e7\u0131karlar\u0131n\u0131 daha fazla koruma \u015fans\u0131na sahip olurken, anla\u015fmaya varma s\u00fcrecinin sonucu genellikle daha s\u00fcrd\u00fcr\u00fclebilir olabilir.<\/p>\n\n\n\n<p>Tahkim ise daha formal bir yap\u0131ya sahiptir. Taraflar, anla\u015fmazl\u0131\u011f\u0131n bir veya daha fazla hakem taraf\u0131ndan \u00e7\u00f6z\u00fclmesini kabul ederler. Tahkim, \u00f6zellikle uluslararas\u0131 ticarette ve karma\u015f\u0131k konularda yayg\u0131n olarak kullan\u0131l\u0131r. Kararlar, taraflar\u0131n daha fazla gizlilik talep etti\u011fi, \u00f6zel ve \u00f6zel bir forumda al\u0131n\u0131r. Tahkimin mahkeme kararlar\u0131na g\u00f6re daha h\u0131zl\u0131 olma potansiyeli ve uluslararas\u0131 alanda daha tan\u0131nan ve uygulanan bir karar alabilme avantaj\u0131 vard\u0131r.<\/p>\n\n\n\n<p>Her iki y\u00f6ntem de taraflara, anla\u015fmazl\u0131klar\u0131n\u0131 daha az zaman, maliyet ve stresle \u00e7\u00f6zme imkan\u0131 tan\u0131r. Ancak, her durum i\u00e7in tek bir \u00e7\u00f6z\u00fcm y\u00f6ntemi olmad\u0131\u011f\u0131ndan, taraflar uyu\u015fmazl\u0131klar\u0131n\u0131 \u00e7\u00f6zmek i\u00e7in hangi y\u00f6ntemi se\u00e7eceklerine dair dikkatli bir de\u011ferlendirme yapmal\u0131d\u0131r. Uyu\u015fmazl\u0131k \u00e7\u00f6z\u00fcm\u00fc i\u00e7in arabuluculuk veya tahkim, taraflar\u0131n \u00f6zel ihtiya\u00e7lar\u0131na, uyu\u015fmazl\u0131\u011f\u0131n karma\u015f\u0131kl\u0131\u011f\u0131na ve hukuki duruma ba\u011fl\u0131 olarak se\u00e7ilebilecek etkili ve esnek y\u00f6ntemlerdir.<\/p>\n<\/div>\n\n\n\n<div class=\"wp-block-group is-layout-flow wp-block-group-is-layout-flow\" style=\"padding-top:0rem;padding-right:var(--wp--preset--spacing--20);padding-bottom:0rem;padding-left:var(--wp--preset--spacing--20)\">\n<h2 class=\"wp-block-heading has-large-font-size\"><mark style=\"background-color:rgba(0, 0, 0, 0)\" class=\"has-inline-color has-orange-color\">Hukuki Dan\u0131\u015fmanl\u0131k<\/mark><\/h2>\n\n\n\n<p>Hukuki dan\u0131\u015fmanl\u0131k, bireylerin veya kurulu\u015flar\u0131n hukuki konularda bilgi ve rehberlik alarak sorunlar\u0131n\u0131 \u00e7\u00f6zmelerine yard\u0131mc\u0131 olan \u00f6nemli bir hizmettir. Bu alanda faaliyet g\u00f6steren hukuk dan\u0131\u015fmanlar\u0131, geni\u015f bir yelpazede hukuki konulara odaklanarak m\u00fcvekkillerine profesyonel destek sunarlar.<\/p>\n\n\n\n<p>Hukuki dan\u0131\u015fmanl\u0131k, bir\u00e7ok farkl\u0131 alanda hizmet sunabilir. S\u00f6zle\u015fmelerin haz\u0131rlanmas\u0131 ve incelemesi, yasal uyumun sa\u011flanmas\u0131, i\u015f hukuku, \u015firket hukuku, gayrimenkul hukuku, ceza hukuku gibi konularda dan\u0131\u015fmanl\u0131k vermek bu alan\u0131n temelini olu\u015fturur. Ayr\u0131ca, aile hukuku, miras hukuku ve ticaret hukuku gibi ki\u015fisel konularda da hukuki dan\u0131\u015fmanl\u0131k hizmetleri al\u0131nabilir.<\/p>\n\n\n\n<p>Hukuki dan\u0131\u015fmanl\u0131k, m\u00fcvekkillerin hukuki haklar\u0131n\u0131 anlamalar\u0131na, yasal s\u00fcre\u00e7leri etkili bir \u015fekilde y\u00f6netmelerine ve hukuki riskleri en aza indirmelerine yard\u0131mc\u0131 olur. \u0130\u015fletmeler i\u00e7in, hukuki dan\u0131\u015fmanl\u0131k, s\u00f6zle\u015fme m\u00fczakereleri, i\u015fe al\u0131m s\u00fcre\u00e7leri, hukuki uyum ve anla\u015fmazl\u0131k \u00e7\u00f6z\u00fcm\u00fc gibi konularda \u00f6nleyici tedbirler alarak sorunlar\u0131n \u00f6nceden engellenmesine katk\u0131da bulunur.<\/p>\n\n\n\n<p>Hukuki dan\u0131\u015fmanl\u0131k hizmetleri genellikle hukuk b\u00fcrolar\u0131, avukatlar veya hukuk dan\u0131\u015fmanlar\u0131 taraf\u0131ndan sa\u011flan\u0131r. Profesyonel hukuki dan\u0131\u015fmanl\u0131k, m\u00fcvekkillerin haklar\u0131n\u0131 koruma, yasal s\u00fcre\u00e7lerde adil bir \u015fekilde hareket etme ve hukuki d\u00fczenlemelere uyum sa\u011flama konular\u0131nda g\u00fcvenilir bir rehberlik sunar.<\/p>\n\n\n\n<p>Sonu\u00e7 olarak, hukuki dan\u0131\u015fmanl\u0131k, hukuki s\u00fcre\u00e7leri anlamakta zorlanan bireylerin veya kurulu\u015flar\u0131n, uzman bir rehberlikle daha g\u00fcvenli ve bilin\u00e7li kararlar almalar\u0131na yard\u0131mc\u0131 olan kilit bir hizmettir. Bu hizmet, bireylerin ve i\u015fletmelerin hukuki konulardaki sorunlar\u0131na etkili ve \u00e7\u00f6z\u00fcm odakl\u0131 yakla\u015f\u0131m sunarak, hukukun g\u00fc\u00e7l\u00fc bir destek olarak i\u015flemesine katk\u0131da bulunur.<\/p>\n<\/div>\n<\/div>\n<\/div>\n<\/div>\n\n\n\n<div class=\"wp-block-cover alignfull\" style=\"padding-top:14vh;padding-right:30px;padding-bottom:14vh;padding-left:30px;min-height:603px\"><span aria-hidden=\"true\" class=\"wp-block-cover__background has-black-background-color has-background-dim-80 has-background-dim\"><\/span><img decoding=\"async\" class=\"wp-block-cover__image-background wp-image-129\" alt=\"\" src=\"https:\/\/dhmhukuk.com\/wp-content\/themes\/starter-fse\/assets\/images\/inner-banner.jpg\" style=\"object-position:50% 54%\" data-object-fit=\"cover\" data-object-position=\"50% 54%\"\/><div class=\"wp-block-cover__inner-container is-layout-flow wp-block-cover-is-layout-flow\">\n<div class=\"wp-block-group alignwide is-layout-constrained wp-block-group-is-layout-constrained\" style=\"padding-left:0%\">\n<div class=\"wp-block-group alignwide is-layout-flow wp-container-core-group-layout-39 wp-block-group-is-layout-flow\" style=\"padding-top:0px;padding-right:60px;padding-bottom:60px;padding-left:60px\">\n<h3 class=\"wp-block-heading has-text-align-center has-white-color has-text-color\" style=\"line-height:1.5\">With Respect To Each Customer<\/h3>\n\n\n\n<h2 class=\"wp-block-heading has-text-align-center has-white-color has-text-color has-huge-font-size\" style=\"margin-top:var(--wp--preset--spacing--50);margin-bottom:0;font-style:normal;font-weight:600;line-height:1.3\">We Appreciate Clients<\/h2>\n\n\n\n<h2 class=\"wp-block-heading has-text-align-center has-white-color has-text-color has-large-font-size\" style=\"margin-top:0;margin-bottom:var(--wp--preset--spacing--40);font-style:normal;font-weight:600;line-height:1.3\">And Their Business<\/h2>\n\n\n\n<div class=\"wp-block-buttons animated animated-fadeInUp is-content-justification-center is-layout-flex wp-container-core-buttons-layout-2 wp-block-buttons-is-layout-flex\" style=\"margin-top:40px;margin-bottom:0px\">\n<div class=\"wp-block-button is-style-fill\"><a class=\"wp-block-button__link has-text-align-left wp-element-button\" href=\"#\">Become A Client<\/a><\/div>\n<\/div>\n<\/div>\n<\/div>\n<\/div><\/div>\n\n\n\n<div class=\"wp-block-group alignfull has-background-secondary-background-color has-lower-background-background-color has-background is-layout-constrained wp-container-core-group-layout-50 wp-block-group-is-layout-constrained\" style=\"padding-top:80px;padding-right:30px;padding-bottom:80px;padding-left:30px\">\n<div class=\"wp-block-group is-layout-flow wp-container-core-group-layout-42 wp-block-group-is-layout-flow\" style=\"padding-bottom:30px\">\n<p class=\"has-text-align-center has-primary-color has-text-color\">From Our Blog<\/p>\n\n\n\n<h2 class=\"wp-block-heading has-text-align-center has-main-title-font-size\">Recent News<\/h2>\n\n\n\n<div class=\"wp-block-group is-layout-constrained wp-block-group-is-layout-constrained\" style=\"padding-top:15px;padding-right:15px;padding-bottom:15px;padding-left:15px\">\n<hr class=\"wp-block-separator has-text-color has-primary-color has-alpha-channel-opacity has-primary-background-color has-background\"\/>\n<\/div>\n<\/div>\n\n\n\n<div class=\"wp-block-group alignwide is-layout-constrained wp-block-group-is-layout-constrained\">\n<main class=\"wp-block-query alignwide is-layout-flow wp-block-query-is-layout-flow\"><ul class=\"columns-3 alignwide wp-block-post-template is-layout-grid wp-container-core-post-template-layout-1 wp-block-post-template-is-layout-grid\"><li class=\"wp-block-post post-248 post type-post status-publish format-standard has-post-thumbnail hentry category-is-hukuku tag-yurt-disinda-calisan-iscilerin-haklari\">\n\n<div class=\"wp-block-group has-shadow-dark is-layout-constrained wp-block-group-is-layout-constrained\" style=\"padding-top:0px;padding-right:0px;padding-bottom:0px;padding-left:0px\"><figure class=\"alignwide no-padding wp-block-post-featured-image\"><a href=\"https:\/\/dhmhukuk.com\/?p=248\" target=\"_self\"  ><img loading=\"lazy\" decoding=\"async\" width=\"300\" height=\"168\" src=\"https:\/\/dhmhukuk.com\/wp-content\/uploads\/2025\/03\/indir.jpeg\" class=\"attachment-post-thumbnail size-post-thumbnail wp-post-image\" alt=\"YURT DI\u015eINDA \u00c7ALI\u015eAN \u0130\u015e\u00c7\u0130LER\u0130N HAKLARI VE AYM \u0130PTAL KARARI\" style=\"object-fit:cover;\" \/><\/a><\/figure>\n\n\n<div class=\"wp-block-group alignwide has-background-background-color has-background is-layout-flow wp-container-core-group-layout-43 wp-block-group-is-layout-flow\" style=\"margin-top:0px;padding-top:40px;padding-right:40px;padding-bottom:40px;padding-left:40px\"><h3 style=\"font-style:normal;font-weight:500;\" class=\"alignwide wp-block-post-title\"><a href=\"https:\/\/dhmhukuk.com\/?p=248\" target=\"_self\" >YURT DI\u015eINDA \u00c7ALI\u015eAN \u0130\u015e\u00c7\u0130LER\u0130N HAKLARI VE AYM \u0130PTAL KARARI<\/a><\/h3>\n\n<div style=\"font-style:normal;font-weight:300;\" class=\"wp-block-post-date has-small-font-size\"><time datetime=\"2025-03-18T09:43:04+00:00\"><a href=\"https:\/\/dhmhukuk.com\/?p=248\">Mart 18, 2025<\/a><\/time><\/div><\/div>\n<\/div>\n\n<\/li><li class=\"wp-block-post post-241 post type-post status-publish format-standard has-post-thumbnail hentry category-kamulastirma tag-1956-oncesi-el-atmalar tag-aym-iptali tag-kamulastirmasiz-el-atma\">\n\n<div class=\"wp-block-group has-shadow-dark is-layout-constrained wp-block-group-is-layout-constrained\" style=\"padding-top:0px;padding-right:0px;padding-bottom:0px;padding-left:0px\"><figure class=\"alignwide no-padding wp-block-post-featured-image\"><a href=\"https:\/\/dhmhukuk.com\/?p=241\" target=\"_self\"  ><img loading=\"lazy\" decoding=\"async\" width=\"1532\" height=\"1080\" src=\"https:\/\/dhmhukuk.com\/wp-content\/uploads\/2023\/09\/post-1.png\" class=\"attachment-post-thumbnail size-post-thumbnail wp-post-image\" alt=\"1956 Y\u0131l\u0131ndan \u00f6nce yap\u0131lan kamula\u015ft\u0131rmas\u0131z el atmalarda dava a\u00e7\u0131lamayacag\u0131na y\u00f6nelik kural\u0131n AYM taraf\u0131ndan iptali sonras\u0131 hukuksal durum.\" style=\"object-fit:cover;\" srcset=\"https:\/\/dhmhukuk.com\/wp-content\/uploads\/2023\/09\/post-1.png 1532w, https:\/\/dhmhukuk.com\/wp-content\/uploads\/2023\/09\/post-1-300x211.png 300w, https:\/\/dhmhukuk.com\/wp-content\/uploads\/2023\/09\/post-1-1024x722.png 1024w, https:\/\/dhmhukuk.com\/wp-content\/uploads\/2023\/09\/post-1-768x541.png 768w\" sizes=\"(max-width: 1532px) 100vw, 1532px\" \/><\/a><\/figure>\n\n\n<div class=\"wp-block-group alignwide has-background-background-color has-background is-layout-flow wp-container-core-group-layout-45 wp-block-group-is-layout-flow\" style=\"margin-top:0px;padding-top:40px;padding-right:40px;padding-bottom:40px;padding-left:40px\"><h3 style=\"font-style:normal;font-weight:500;\" class=\"alignwide wp-block-post-title\"><a href=\"https:\/\/dhmhukuk.com\/?p=241\" target=\"_self\" >1956 Y\u0131l\u0131ndan \u00f6nce yap\u0131lan kamula\u015ft\u0131rmas\u0131z el atmalarda dava a\u00e7\u0131lamayacag\u0131na y\u00f6nelik kural\u0131n AYM taraf\u0131ndan iptali sonras\u0131 hukuksal durum.<\/a><\/h3>\n\n<div style=\"font-style:normal;font-weight:300;\" class=\"wp-block-post-date has-small-font-size\"><time datetime=\"2023-11-15T12:15:00+00:00\"><a href=\"https:\/\/dhmhukuk.com\/?p=241\">Kas\u0131m 15, 2023<\/a><\/time><\/div><\/div>\n<\/div>\n\n<\/li><li class=\"wp-block-post post-1 post type-post status-publish format-standard has-post-thumbnail hentry category-eyt-emeklilikleri-iptal-edilenler\">\n\n<div class=\"wp-block-group has-shadow-dark is-layout-constrained wp-block-group-is-layout-constrained\" style=\"padding-top:0px;padding-right:0px;padding-bottom:0px;padding-left:0px\"><figure class=\"alignwide no-padding wp-block-post-featured-image\"><a href=\"https:\/\/dhmhukuk.com\/?p=1\" target=\"_self\"  ><img loading=\"lazy\" decoding=\"async\" width=\"720\" height=\"400\" src=\"https:\/\/dhmhukuk.com\/wp-content\/uploads\/2023\/10\/202301032115411-img.jpeg\" class=\"attachment-post-thumbnail size-post-thumbnail wp-post-image\" alt=\"Eyt Kapsam\u0131nda Emekli Edilen Ki\u015filerin Ya\u015fad\u0131klar\u0131  Ma\u011fduriyetler ve Emekliliklerinin \u0130ptali\" style=\"object-fit:cover;\" srcset=\"https:\/\/dhmhukuk.com\/wp-content\/uploads\/2023\/10\/202301032115411-img.jpeg 720w, https:\/\/dhmhukuk.com\/wp-content\/uploads\/2023\/10\/202301032115411-img-300x167.jpeg 300w\" sizes=\"(max-width: 720px) 100vw, 720px\" \/><\/a><\/figure>\n\n\n<div class=\"wp-block-group alignwide has-background-background-color has-background is-layout-flow wp-container-core-group-layout-47 wp-block-group-is-layout-flow\" style=\"margin-top:0px;padding-top:40px;padding-right:40px;padding-bottom:40px;padding-left:40px\"><h3 style=\"font-style:normal;font-weight:500;\" class=\"alignwide wp-block-post-title\"><a href=\"https:\/\/dhmhukuk.com\/?p=1\" target=\"_self\" >Eyt Kapsam\u0131nda Emekli Edilen Ki\u015filerin Ya\u015fad\u0131klar\u0131  Ma\u011fduriyetler ve Emekliliklerinin \u0130ptali<\/a><\/h3>\n\n<div style=\"font-style:normal;font-weight:300;\" class=\"wp-block-post-date has-small-font-size\"><time datetime=\"2023-10-20T00:48:00+00:00\"><a href=\"https:\/\/dhmhukuk.com\/?p=1\">Ekim 20, 2023<\/a><\/time><\/div><\/div>\n<\/div>\n\n<\/li><\/ul><\/main>\n\n\n\n<div class=\"wp-block-buttons is-content-justification-center is-layout-flex wp-container-core-buttons-layout-3 wp-block-buttons-is-layout-flex\" style=\"margin-top:50px\">\n<div class=\"wp-block-button is-style-fill\"><a class=\"wp-block-button__link wp-element-button\" href=\"#\">Explore More<\/a><\/div>\n<\/div>\n<\/div>\n<\/div>\n<\/div>\n\n\n\n<p><\/p>\n\n\n\n<p><\/p>\n","protected":false},"excerpt":{"rendered":"<p>\u0130htiya\u00e7lar\u0131n\u0131z S\u0131n\u0131rs\u0131z Olabilir Hukukun Her Alan\u0131nda Hizmet&#8230; S\u00fcrekli \u00e7e\u015fitlenen hizmet&nbsp;taleplerinin nitelikli \u015fekilde temini i\u00e7in \u00fclkemizdeki ve d\u00fcnyadaki hukuki ve ekonomik geli\u015fmeleri yak\u0131ndan takip ederek \u00e7al\u0131\u015fmalar\u0131m\u0131z ve becerilerimiz s\u00fcrekli olarak g\u00fcncellenir. H\u0130ZMETLER\u0130M\u0130Z NELER YAPIYORUZ? HUKUK\u0130 DANI\u015eMANLIK ki\u015fi veya kurumlara hukuki konularda bilgi ve rehberlik sa\u011flayarak hukuki sorunlarda anla\u015f\u0131labilirlik sa\u011fl\u0131yoruz HUKUK\u0130 S\u00dcRE\u00c7 Y\u00d6NET\u0130LMES\u0130 Yol haritan\u0131z\u0131 belirleyip, \u00e7\u00f6z\u00fcm [&hellip;]<\/p>\n","protected":false},"author":1,"featured_media":0,"parent":2,"menu_order":0,"comment_status":"closed","ping_status":"closed","template":"blank","meta":{"footnotes":""},"_links":{"self":[{"href":"https:\/\/dhmhukuk.com\/index.php?rest_route=\/wp\/v2\/pages\/103"}],"collection":[{"href":"https:\/\/dhmhukuk.com\/index.php?rest_route=\/wp\/v2\/pages"}],"about":[{"href":"https:\/\/dhmhukuk.com\/index.php?rest_route=\/wp\/v2\/types\/page"}],"author":[{"embeddable":true,"href":"https:\/\/dhmhukuk.com\/index.php?rest_route=\/wp\/v2\/users\/1"}],"replies":[{"embeddable":true,"href":"https:\/\/dhmhukuk.com\/index.php?rest_route=%2Fwp%2Fv2%2Fcomments&post=103"}],"version-history":[{"count":22,"href":"https:\/\/dhmhukuk.com\/index.php?rest_route=\/wp\/v2\/pages\/103\/revisions"}],"predecessor-version":[{"id":221,"href":"https:\/\/dhmhukuk.com\/index.php?rest_route=\/wp\/v2\/pages\/103\/revisions\/221"}],"up":[{"embeddable":true,"href":"https:\/\/dhmhukuk.com\/index.php?rest_route=\/wp\/v2\/pages\/2"}],"wp:attachment":[{"href":"https:\/\/dhmhukuk.com\/index.php?rest_route=%2Fwp%2Fv2%2Fmedia&parent=103"}],"curies":[{"name":"wp","href":"https:\/\/api.w.org\/{rel}","templated":true}]}}